{"id":68,"date":"2019-02-06T15:44:43","date_gmt":"2019-02-06T15:44:43","guid":{"rendered":"https:\/\/studiosmadelli.it\/?page_id=68"},"modified":"2022-11-15T10:36:41","modified_gmt":"2022-11-15T10:36:41","slug":"studio-smadelli-chi-siamo","status":"publish","type":"page","link":"https:\/\/studiosmadelli.it\/?page_id=68","title":{"rendered":"Chi siamo"},"content":{"rendered":"\t\t<div data-elementor-type=\"wp-page\" data-elementor-id=\"68\" class=\"elementor elementor-68\" data-elementor-settings=\"[]\">\n\t\t\t<div class=\"elementor-inner\">\n\t\t\t\t<div class=\"elementor-section-wrap\">\n\t\t\t\t\t\t\t<section class=\"elementor-element elementor-element-ed8ab19 elementor-section-boxed elementor-section-height-default elementor-section-height-default elementor-section elementor-top-section\" data-id=\"ed8ab19\" data-element_type=\"section\">\n\t\t\t\t\t\t<div class=\"elementor-container elementor-column-gap-default\">\n\t\t\t\t<div class=\"elementor-row\">\n\t\t\t\t<div class=\"elementor-element elementor-element-0897870 elementor-column elementor-col-100 elementor-top-column\" data-id=\"0897870\" data-element_type=\"column\">\n\t\t\t<div class=\"elementor-column-wrap  elementor-element-populated\">\n\t\t\t\t\t<div class=\"elementor-widget-wrap\">\n\t\t\t\t<div class=\"elementor-element elementor-element-9c29615 elementor-widget elementor-widget-text-editor\" data-id=\"9c29615\" data-element_type=\"widget\" data-widget_type=\"text-editor.default\">\n\t\t\t\t<div class=\"elementor-widget-container\">\n\t\t\t\t\t<div class=\"elementor-text-editor elementor-clearfix\"><h2 style=\"margin-bottom: 16px; text-align: center; white-space: normal;\"><strong><span style=\"color: #00ccff;\">LA NOSTRA STORIA<\/span><\/strong><\/h2><\/div>\n\t\t\t\t<\/div>\n\t\t\t\t<\/div>\n\t\t\t\t\t\t<\/div>\n\t\t\t<\/div>\n\t\t<\/div>\n\t\t\t\t\t\t<\/div>\n\t\t\t<\/div>\n\t\t<\/section>\n\t\t\t\t<section class=\"elementor-element elementor-element-64b467b1 elementor-section-boxed elementor-section-height-default elementor-section-height-default elementor-section elementor-top-section\" data-id=\"64b467b1\" data-element_type=\"section\">\n\t\t\t\t\t\t<div class=\"elementor-container elementor-column-gap-default\">\n\t\t\t\t<div class=\"elementor-row\">\n\t\t\t\t<div class=\"elementor-element elementor-element-561e36af elementor-column elementor-col-100 elementor-top-column\" data-id=\"561e36af\" data-element_type=\"column\">\n\t\t\t<div class=\"elementor-column-wrap  elementor-element-populated\">\n\t\t\t\t\t<div class=\"elementor-widget-wrap\">\n\t\t\t\t<div class=\"elementor-element elementor-element-68accc1e elementor-widget elementor-widget-text-editor\" data-id=\"68accc1e\" data-element_type=\"widget\" data-widget_type=\"text-editor.default\">\n\t\t\t\t<div class=\"elementor-widget-container\">\n\t\t\t\t\t<div class=\"elementor-text-editor elementor-clearfix\"><h2><span style=\"color: #7a7a7a; font-family: Roboto, sans-serif; font-weight: 400; font-size: 16px;\">La storia dello Studio Smadelli fonda le sue radici nel 1953 con il Dr. Ezio Smadelli che inizia, come molti, amministrando il Condominio dove abitava.<\/span><\/h2><p>Grazie alla sua passione per la professione e\u00a0 coadiuvato dalla moglie, prosegue l\u2019attivit\u00e0 maturando, con esperienza e professionalit\u00e0, grande fiducia da parte dei suoi clienti.<\/p><p>Con perizia inizia poi\u00a0 a diversificare la sua professione, gestendo anche, le\u00a0 affittanze delle unit\u00e0 immobiliari, abitative e\u00a0 commerciali.<\/p><p>Nel 1977 il figlio Marco si unisce allo Studio frequentando, con il padre, i corsi dell\u2019allora ANAI ora A.N.A.C.I., Ente di riferimento a livello nazionale della professione degli Amministratori, divenendo membri dell\u2019Associazione di categoria.<\/p><p>Lo studio tutt\u2019oggi \u00e8 composto da uno staff storico e competente, nonch\u00e9 da collaboratori professionisti esterni, garantendo ai suoi amministrati un servizio personalizzato volto a soddisfare ogni richiesta, dalla pi\u00f9 semplice alle pi\u00f9 complessa.Lo Studio attualmente amministra 40 condominii per oltre 1300 unit\u00e0 immobiliari oltre a 300 unit\u00e0 immobiliari privati in locazione.<\/p><p>Alcuni di questi Condomini sono Amministrati dal Nostro Studio da oltre 40 anni.<\/p><p><span style=\"color: #00ccff;\"><a style=\"color: #00ccff;\" href=\"https:\/\/studiosmadelli.it\/contattaci\/\">Contattaci per un preventivo gratuito<\/a><\/span><\/p><\/div>\n\t\t\t\t<\/div>\n\t\t\t\t<\/div>\n\t\t\t\t\t\t<\/div>\n\t\t\t<\/div>\n\t\t<\/div>\n\t\t\t\t\t\t<\/div>\n\t\t\t<\/div>\n\t\t<\/section>\n\t\t\t\t<section class=\"elementor-element elementor-element-e04796b elementor-section-boxed elementor-section-height-default elementor-section-height-default elementor-section elementor-top-section\" data-id=\"e04796b\" data-element_type=\"section\">\n\t\t\t\t\t\t<div class=\"elementor-container elementor-column-gap-default\">\n\t\t\t\t<div class=\"elementor-row\">\n\t\t\t\t<div class=\"elementor-element elementor-element-401d34e elementor-column elementor-col-100 elementor-top-column\" data-id=\"401d34e\" data-element_type=\"column\">\n\t\t\t<div class=\"elementor-column-wrap  elementor-element-populated\">\n\t\t\t\t\t<div class=\"elementor-widget-wrap\">\n\t\t\t\t<div class=\"elementor-element elementor-element-679d8b8 elementor-widget elementor-widget-divider\" data-id=\"679d8b8\" data-element_type=\"widget\" data-widget_type=\"divider.default\">\n\t\t\t\t<div class=\"elementor-widget-container\">\n\t\t\t\t\t<div class=\"elementor-divider\">\n\t\t\t<span class=\"elementor-divider-separator\">\n\t\t\t\t\t\t<\/span>\n\t\t<\/div>\n\t\t\t\t<\/div>\n\t\t\t\t<\/div>\n\t\t\t\t<div class=\"elementor-element elementor-element-29dceb3 elementor-widget elementor-widget-text-editor\" data-id=\"29dceb3\" data-element_type=\"widget\" data-widget_type=\"text-editor.default\">\n\t\t\t\t<div class=\"elementor-widget-container\">\n\t\t\t\t\t<div class=\"elementor-text-editor elementor-clearfix\"><h2 style=\"margin-bottom: 16px; text-align: center; white-space: normal;\"><strong><span style=\"color: #00ccff;\">IL NOSTRO TEAM<\/span><\/strong><\/h2><\/div>\n\t\t\t\t<\/div>\n\t\t\t\t<\/div>\n\t\t\t\t\t\t<\/div>\n\t\t\t<\/div>\n\t\t<\/div>\n\t\t\t\t\t\t<\/div>\n\t\t\t<\/div>\n\t\t<\/section>\n\t\t\t\t<section class=\"elementor-element elementor-element-0c2268d elementor-section-boxed elementor-section-height-default elementor-section-height-default elementor-section elementor-top-section\" data-id=\"0c2268d\" data-element_type=\"section\">\n\t\t\t\t\t\t<div class=\"elementor-container elementor-column-gap-default\">\n\t\t\t\t<div class=\"elementor-row\">\n\t\t\t\t<div class=\"elementor-element elementor-element-c313b9f elementor-column elementor-col-100 elementor-top-column\" data-id=\"c313b9f\" data-element_type=\"column\">\n\t\t\t<div class=\"elementor-column-wrap  elementor-element-populated\">\n\t\t\t\t\t<div class=\"elementor-widget-wrap\">\n\t\t\t\t<section class=\"elementor-element elementor-element-f0e8541 elementor-section-boxed elementor-section-height-default elementor-section-height-default elementor-section elementor-inner-section\" data-id=\"f0e8541\" data-element_type=\"section\">\n\t\t\t\t\t\t<div class=\"elementor-container elementor-column-gap-default\">\n\t\t\t\t<div class=\"elementor-row\">\n\t\t\t\t<div class=\"elementor-element elementor-element-415b8b0 elementor-column elementor-col-50 elementor-inner-column\" data-id=\"415b8b0\" data-element_type=\"column\">\n\t\t\t<div class=\"elementor-column-wrap  elementor-element-populated\">\n\t\t\t\t\t<div class=\"elementor-widget-wrap\">\n\t\t\t\t<div class=\"elementor-element elementor-element-faf0922 elementor-widget elementor-widget-text-editor\" data-id=\"faf0922\" data-element_type=\"widget\" data-widget_type=\"text-editor.default\">\n\t\t\t\t<div class=\"elementor-widget-container\">\n\t\t\t\t\t<div class=\"elementor-text-editor elementor-clearfix\"><h3 style=\"white-space: normal; text-align: center;\"><span style=\"color: #00ccff;\">Rag. Smadelli Marco Giorgio<\/span><\/h3><p style=\"color: #7a7a7a; font-size: 16px; font-weight: 400; white-space: normal; text-align: center;\">Amministratore Condominiale.<\/p><p style=\"color: #7a7a7a; font-size: 16px; font-weight: 400; white-space: normal;\">Figlio del fondatore dello studio Smadelli, \u00e8\u00a0 Amministratore di condominio dal 1977.<\/p><\/div>\n\t\t\t\t<\/div>\n\t\t\t\t<\/div>\n\t\t\t\t\t\t<\/div>\n\t\t\t<\/div>\n\t\t<\/div>\n\t\t\t\t<div class=\"elementor-element elementor-element-32fa06f elementor-column elementor-col-50 elementor-inner-column\" data-id=\"32fa06f\" data-element_type=\"column\">\n\t\t\t<div class=\"elementor-column-wrap  elementor-element-populated\">\n\t\t\t\t\t<div class=\"elementor-widget-wrap\">\n\t\t\t\t<div class=\"elementor-element elementor-element-bd74fee elementor-widget elementor-widget-text-editor\" data-id=\"bd74fee\" data-element_type=\"widget\" data-widget_type=\"text-editor.default\">\n\t\t\t\t<div class=\"elementor-widget-container\">\n\t\t\t\t\t<div class=\"elementor-text-editor elementor-clearfix\"><h3 style=\"white-space: normal; text-align: center;\"><span style=\"color: #00ccff;\">Sig.\u00a0 Mauro Franza<\/span><\/h3><p style=\"color: #7a7a7a; font-size: 16px; font-weight: 400; white-space: normal; text-align: center;\">\u00a0Amministratore Condominiale<\/p><p style=\"color: #7a7a7a; font-size: 16px; font-weight: 400; white-space: normal;\">(Iscrizione ANACI 17399) collabora da 10 anni con lo Studio ed esercita la professione di Amministratore Condominiale dal 2014 ai sensi della Legge 4\/2013,svolgendo le mansioni prettamente amministrative, economiche, finanziarie e fiscali dello Studio.<\/p><p style=\"color: #7a7a7a; font-size: 16px; font-weight: 400; white-space: normal;\">Frequenta regolarmente corsi di aggiornamento professionali in materia tecnica, economica e finanziaria,\u00a0 come previsto dalle normative vigenti e come previsto dal D.M. 140\/2014.<\/p><p style=\"margin-bottom: 16px; color: #7a7a7a; font-size: 16px; font-weight: 400; white-space: normal;\"><span style=\"color: #00ccff;\"><a style=\"color: #00ccff;\" href=\"mailto:mauro.studiosmadelli@gmail.com\" target=\"_blank\" rel=\"noopener noreferrer\">mauro@studiosmadelli.it<\/a><\/span><\/p><p><span style=\"color: #00ccff;\">Tel. 02.55.18.80.04 interno 1<\/span><\/p><\/div>\n\t\t\t\t<\/div>\n\t\t\t\t<\/div>\n\t\t\t\t\t\t<\/div>\n\t\t\t<\/div>\n\t\t<\/div>\n\t\t\t\t\t\t<\/div>\n\t\t\t<\/div>\n\t\t<\/section>\n\t\t\t\t\t\t<\/div>\n\t\t\t<\/div>\n\t\t<\/div>\n\t\t\t\t\t\t<\/div>\n\t\t\t<\/div>\n\t\t<\/section>\n\t\t\t\t<section class=\"elementor-element elementor-element-5d3d6b2 elementor-section-boxed elementor-section-height-default elementor-section-height-default elementor-section elementor-top-section\" data-id=\"5d3d6b2\" data-element_type=\"section\">\n\t\t\t\t\t\t<div class=\"elementor-container elementor-column-gap-default\">\n\t\t\t\t<div class=\"elementor-row\">\n\t\t\t\t<div class=\"elementor-element elementor-element-2a97d04 elementor-column elementor-col-50 elementor-top-column\" data-id=\"2a97d04\" data-element_type=\"column\">\n\t\t\t<div class=\"elementor-column-wrap  elementor-element-populated\">\n\t\t\t\t\t<div class=\"elementor-widget-wrap\">\n\t\t\t\t<div class=\"elementor-element elementor-element-a9d3200 elementor-widget elementor-widget-text-editor\" data-id=\"a9d3200\" data-element_type=\"widget\" data-widget_type=\"text-editor.default\">\n\t\t\t\t<div class=\"elementor-widget-container\">\n\t\t\t\t\t<div class=\"elementor-text-editor elementor-clearfix\"><h3 style=\"white-space: normal; text-align: center;\"><span style=\"color: #00ccff;\">Sig.ra Guariniello Geom. Ersilia<\/span><\/h3><p style=\"font-size: 16px; font-weight: 400; white-space: normal; text-align: center;\">Contabilit\u00e0<\/p><p style=\"color: #7a7a7a; font-size: 16px; font-weight: 400; white-space: normal;\">neo collaboratrice dello Studio si occupa della gestione contabile dei condomini e fornitori, dei rapporti con le Banche per emissione e scarico dei pagamenti\/mav, gestione delle paghe dei dipendenti dei condominii e rapporti con lo Studio che elabora le stesse.<\/p><p style=\"margin-bottom: 16px; color: #7a7a7a; font-size: 16px; font-weight: 400; white-space: normal;\"><span style=\"color: #00ccff;\"><a style=\"color: #00ccff;\" href=\"mailto:mauro.studiosmadelli@gmail.com\" target=\"_blank\" rel=\"noopener noreferrer\">ersilia@studiosmadelli.it<\/a><\/span><\/p><p><span style=\"color: #00ccff;\">Tel. 02.55.18.80.04 interno 2<\/span><\/p><p style=\"color: #7a7a7a; font-size: 16px; font-weight: 400; white-space: normal;\">\u00a0<\/p><\/div>\n\t\t\t\t<\/div>\n\t\t\t\t<\/div>\n\t\t\t\t\t\t<\/div>\n\t\t\t<\/div>\n\t\t<\/div>\n\t\t\t\t<div class=\"elementor-element elementor-element-f7e6490 elementor-column elementor-col-50 elementor-top-column\" data-id=\"f7e6490\" data-element_type=\"column\">\n\t\t\t<div class=\"elementor-column-wrap  elementor-element-populated\">\n\t\t\t\t\t<div class=\"elementor-widget-wrap\">\n\t\t\t\t<div class=\"elementor-element elementor-element-53c0ce2 elementor-widget elementor-widget-text-editor\" data-id=\"53c0ce2\" data-element_type=\"widget\" data-widget_type=\"text-editor.default\">\n\t\t\t\t<div class=\"elementor-widget-container\">\n\t\t\t\t\t<div class=\"elementor-text-editor elementor-clearfix\"><h3 style=\"white-space: normal; text-align: center;\"><span style=\"color: #00ccff;\">Sig.ra Daniela Ottaviani\u00a0<\/span><\/h3><p style=\"color: #7a7a7a; font-size: 16px; font-weight: 400; white-space: normal; text-align: center;\">Locazioni Immobiliari<\/p><p style=\"color: #7a7a7a; font-size: 16px; font-weight: 400; white-space: normal;\">collaboratrice da 36 anni dello Studio si occupa delle locazioni immobiliari, dalla gestione e stesura dei contratti alla rendicontazione e suddivisione delle spese, emissione delle rate ed incasso delle stesse con rimesse ai proprietari nonch\u00e9 della gestione di eventuali problematiche nelle unit\u00e0 immobiliari.<\/p><p style=\"color: #7a7a7a; font-size: 16px; font-weight: 400; white-space: normal;\"><a style=\"color: #03a9f4;\" href=\"mailto:daniela@studiosmadelli.it\" target=\"_blank\" rel=\"noopener noreferrer\"><span style=\"color: #00ccff;\">daniela@studiosmadelli.it<\/span><\/a><\/p><p style=\"color: #7a7a7a; font-size: 16px; font-weight: 400; white-space: normal;\"><span style=\"color: #00ccff;\">Tel. 02.55.18.80.04 interno 3<\/span><\/p><\/div>\n\t\t\t\t<\/div>\n\t\t\t\t<\/div>\n\t\t\t\t\t\t<\/div>\n\t\t\t<\/div>\n\t\t<\/div>\n\t\t\t\t\t\t<\/div>\n\t\t\t<\/div>\n\t\t<\/section>\n\t\t\t\t\t\t<\/div>\n\t\t\t<\/div>\n\t\t<\/div>\n\t\t","protected":false},"excerpt":{"rendered":"<p>LA NOSTRA STORIA La storia dello Studio Smadelli fonda le sue radici nel 1953 con il Dr. Ezio Smadelli che inizia, come molti, amministrando il Condominio dove abitava. Grazie alla sua passione per la professione e\u00a0 coadiuvato dalla moglie, prosegue l\u2019attivit\u00e0 maturando, con esperienza e professionalit\u00e0, grande fiducia da parte dei suoi clienti. Con perizia&hellip; <br \/> <a class=\"read-more\" href=\"https:\/\/studiosmadelli.it\/?page_id=68\">Leggi tutto<\/a><\/p>\n","protected":false},"author":1,"featured_media":0,"parent":0,"menu_order":0,"comment_status":"closed","ping_status":"closed","template":"","meta":{"footnotes":""},"class_list":["post-68","page","type-page","status-publish","hentry"],"_links":{"self":[{"href":"https:\/\/studiosmadelli.it\/index.php?rest_route=\/wp\/v2\/pages\/68","targetHints":{"allow":["GET"]}}],"collection":[{"href":"https:\/\/studiosmadelli.it\/index.php?rest_route=\/wp\/v2\/pages"}],"about":[{"href":"https:\/\/studiosmadelli.it\/index.php?rest_route=\/wp\/v2\/types\/page"}],"author":[{"embeddable":true,"href":"https:\/\/studiosmadelli.it\/index.php?rest_route=\/wp\/v2\/users\/1"}],"replies":[{"embeddable":true,"href":"https:\/\/studiosmadelli.it\/index.php?rest_route=%2Fwp%2Fv2%2Fcomments&post=68"}],"version-history":[{"count":22,"href":"https:\/\/studiosmadelli.it\/index.php?rest_route=\/wp\/v2\/pages\/68\/revisions"}],"predecessor-version":[{"id":793,"href":"https:\/\/studiosmadelli.it\/index.php?rest_route=\/wp\/v2\/pages\/68\/revisions\/793"}],"wp:attachment":[{"href":"https:\/\/studiosmadelli.it\/index.php?rest_route=%2Fwp%2Fv2%2Fmedia&parent=68"}],"curies":[{"name":"wp","href":"https:\/\/api.w.org\/{rel}","templated":true}]}}